{"id":143,"date":"2016-12-30T14:58:48","date_gmt":"2016-12-30T14:58:48","guid":{"rendered":"http:\/\/tellpack.ch\/?page_id=143"},"modified":"2017-03-05T00:20:06","modified_gmt":"2017-03-05T00:20:06","slug":"impressum","status":"publish","type":"page","link":"https:\/\/tellpack.ch\/?page_id=143","title":{"rendered":"Impressum"},"content":{"rendered":"<div class=\"impressum\">\n<h2>Kontaktadresse<\/h2>\n<p>Stefan\u00a0R\u00fcegg<\/p>\n<p>Obergrundstrasse 88<\/p>\n<p>Luzern<\/p>\n<p>Schweiz<\/p>\n<p><a href=\"mailto:kontakt@socrativ.ch\">kontakt@socrativ.ch<\/a><\/p>\n<p>&nbsp;<\/p>\n<h2>Haftungsausschluss<\/h2>\n<p>Der Autor \u00fcbernimmt keinerlei Gew\u00e4hr hinsichtlich der inhaltlichen Richtigkeit, Genauigkeit, Aktualit\u00e4t, Zuverl\u00e4ssigkeit und Vollst\u00e4ndigkeit der Informationen.<\/p>\n<p>Haftungsanspr\u00fcche gegen den Autor wegen Sch\u00e4den materieller oder immaterieller Art, welche aus dem Zugriff oder der Nutzung bzw. Nichtnutzung der ver\u00f6ffentlichten Informationen, durch Missbrauch der Verbindung oder durch technische St\u00f6rungen entstanden sind, werden ausgeschlossen.<\/p>\n<p>Alle Angebote sind unverbindlich. Der Autor beh\u00e4lt es sich ausdr\u00fccklich vor, Teile der Seiten oder das gesamte Angebot ohne gesonderte Ank\u00fcndigung zu ver\u00e4ndern, zu erg\u00e4nzen, zu l\u00f6schen oder die Ver\u00f6ffentlichung zeitweise oder endg\u00fcltig einzustellen.<\/p>\n<p>&nbsp;<\/p>\n<h2>Haftung f\u00fcr Links<\/h2>\n<p>Verweise und Links auf Webseiten Dritter liegen ausserhalb unseres Verantwortungsbereichs. Es wird jegliche Verantwortung f\u00fcr solche Webseiten abgelehnt. Der Zugriff und die Nutzung solcher Webseiten erfolgen auf eigene Gefahr des Nutzers oder der Nutzerin.<\/p>\n<p>&nbsp;<\/p>\n<\/div>\n","protected":false},"excerpt":{"rendered":"<p>Kontaktadresse Stefan\u00a0R\u00fcegg Obergrundstrasse 88 Luzern Schweiz kontakt@socrativ.ch &nbsp; Haftungsausschluss Der Autor \u00fcbernimmt keinerlei Gew\u00e4hr hinsichtlich der inhaltlichen Richtigkeit, Genauigkeit, Aktualit\u00e4t, Zuverl\u00e4ssigkeit und Vollst\u00e4ndigkeit der Informationen. Haftungsanspr\u00fcche gegen den Autor wegen Sch\u00e4den materieller oder immaterieller Art, welche aus dem Zugriff oder der Nutzung bzw. Nichtnutzung der ver\u00f6ffentlichten Informationen, durch Missbrauch der Verbindung oder durch technische St\u00f6rungen entstanden sind, werden ausgeschlossen. Alle Angebote sind unverbindlich. Der Autor [&hellip;]<\/p>\n","protected":false},"author":2,"featured_media":0,"parent":0,"menu_order":0,"comment_status":"closed","ping_status":"closed","template":"","meta":{"inline_featured_image":false,"footnotes":""},"class_list":["post-143","page","type-page","status-publish","hentry"],"yoast_head":"<!-- This site is optimized with the Yoast SEO plugin v24.0 - https:\/\/yoast.com\/wordpress\/plugins\/seo\/ -->\n<title>Impressum - tellpack<\/title>\n<meta name=\"robots\" content=\"index, follow, max-snippet:-1, max-image-preview:large, max-video-preview:-1\" \/>\n<link rel=\"canonical\" href=\"https:\/\/tellpack.ch\/?page_id=143\" \/>\n<meta property=\"og:locale\" content=\"de_DE\" \/>\n<meta property=\"og:type\" content=\"article\" \/>\n<meta property=\"og:title\" content=\"Impressum - tellpack\" \/>\n<meta property=\"og:description\" content=\"Kontaktadresse Stefan\u00a0R\u00fcegg Obergrundstrasse 88 Luzern Schweiz kontakt@socrativ.ch &nbsp; Haftungsausschluss Der Autor \u00fcbernimmt keinerlei Gew\u00e4hr hinsichtlich der inhaltlichen Richtigkeit, Genauigkeit, Aktualit\u00e4t, Zuverl\u00e4ssigkeit und Vollst\u00e4ndigkeit der Informationen. Haftungsanspr\u00fcche gegen den Autor wegen Sch\u00e4den materieller oder immaterieller Art, welche aus dem Zugriff oder der Nutzung bzw. Nichtnutzung der ver\u00f6ffentlichten Informationen, durch Missbrauch der Verbindung oder durch technische St\u00f6rungen entstanden sind, werden ausgeschlossen. Alle Angebote sind unverbindlich. Der Autor [&hellip;]\" \/>\n<meta property=\"og:url\" content=\"https:\/\/tellpack.ch\/?page_id=143\" \/>\n<meta property=\"og:site_name\" content=\"tellpack\" \/>\n<meta property=\"article:modified_time\" content=\"2017-03-05T00:20:06+00:00\" \/>\n<meta name=\"twitter:card\" content=\"summary_large_image\" \/>\n<meta name=\"twitter:label1\" content=\"Gesch\u00e4tzte Lesezeit\" \/>\n\t<meta name=\"twitter:data1\" content=\"1\u00a0Minute\" \/>\n<script type=\"application\/ld+json\" class=\"yoast-schema-graph\">{\"@context\":\"https:\/\/schema.org\",\"@graph\":[{\"@type\":\"WebPage\",\"@id\":\"https:\/\/tellpack.ch\/?page_id=143\",\"url\":\"https:\/\/tellpack.ch\/?page_id=143\",\"name\":\"Impressum - tellpack\",\"isPartOf\":{\"@id\":\"https:\/\/tellpack.ch\/#website\"},\"datePublished\":\"2016-12-30T14:58:48+00:00\",\"dateModified\":\"2017-03-05T00:20:06+00:00\",\"breadcrumb\":{\"@id\":\"https:\/\/tellpack.ch\/?page_id=143#breadcrumb\"},\"inLanguage\":\"de\",\"potentialAction\":[{\"@type\":\"ReadAction\",\"target\":[\"https:\/\/tellpack.ch\/?page_id=143\"]}]},{\"@type\":\"BreadcrumbList\",\"@id\":\"https:\/\/tellpack.ch\/?page_id=143#breadcrumb\",\"itemListElement\":[{\"@type\":\"ListItem\",\"position\":1,\"name\":\"Startseite\",\"item\":\"https:\/\/tellpack.ch\/\"},{\"@type\":\"ListItem\",\"position\":2,\"name\":\"Impressum\"}]},{\"@type\":\"WebSite\",\"@id\":\"https:\/\/tellpack.ch\/#website\",\"url\":\"https:\/\/tellpack.ch\/\",\"name\":\"tellpack\",\"description\":\"Das Sackmesser f\u00fcr Bildung\",\"publisher\":{\"@id\":\"https:\/\/tellpack.ch\/#organization\"},\"potentialAction\":[{\"@type\":\"SearchAction\",\"target\":{\"@type\":\"EntryPoint\",\"urlTemplate\":\"https:\/\/tellpack.ch\/?s={search_term_string}\"},\"query-input\":{\"@type\":\"PropertyValueSpecification\",\"valueRequired\":true,\"valueName\":\"search_term_string\"}}],\"inLanguage\":\"de\"},{\"@type\":\"Organization\",\"@id\":\"https:\/\/tellpack.ch\/#organization\",\"name\":\"tellpack\",\"url\":\"https:\/\/tellpack.ch\/\",\"logo\":{\"@type\":\"ImageObject\",\"inLanguage\":\"de\",\"@id\":\"https:\/\/tellpack.ch\/#\/schema\/logo\/image\/\",\"url\":\"https:\/\/tellpack.ch\/wp-content\/uploads\/tellpack_logo_transparent.png\",\"contentUrl\":\"https:\/\/tellpack.ch\/wp-content\/uploads\/tellpack_logo_transparent.png\",\"width\":640,\"height\":175,\"caption\":\"tellpack\"},\"image\":{\"@id\":\"https:\/\/tellpack.ch\/#\/schema\/logo\/image\/\"}}]}<\/script>\n<!-- \/ Yoast SEO plugin. -->","yoast_head_json":{"title":"Impressum - tellpack","robots":{"index":"index","follow":"follow","max-snippet":"max-snippet:-1","max-image-preview":"max-image-preview:large","max-video-preview":"max-video-preview:-1"},"canonical":"https:\/\/tellpack.ch\/?page_id=143","og_locale":"de_DE","og_type":"article","og_title":"Impressum - tellpack","og_description":"Kontaktadresse Stefan\u00a0R\u00fcegg Obergrundstrasse 88 Luzern Schweiz kontakt@socrativ.ch &nbsp; Haftungsausschluss Der Autor \u00fcbernimmt keinerlei Gew\u00e4hr hinsichtlich der inhaltlichen Richtigkeit, Genauigkeit, Aktualit\u00e4t, Zuverl\u00e4ssigkeit und Vollst\u00e4ndigkeit der Informationen. Haftungsanspr\u00fcche gegen den Autor wegen Sch\u00e4den materieller oder immaterieller Art, welche aus dem Zugriff oder der Nutzung bzw. Nichtnutzung der ver\u00f6ffentlichten Informationen, durch Missbrauch der Verbindung oder durch technische St\u00f6rungen entstanden sind, werden ausgeschlossen. Alle Angebote sind unverbindlich. Der Autor [&hellip;]","og_url":"https:\/\/tellpack.ch\/?page_id=143","og_site_name":"tellpack","article_modified_time":"2017-03-05T00:20:06+00:00","twitter_card":"summary_large_image","twitter_misc":{"Gesch\u00e4tzte Lesezeit":"1\u00a0Minute"},"schema":{"@context":"https:\/\/schema.org","@graph":[{"@type":"WebPage","@id":"https:\/\/tellpack.ch\/?page_id=143","url":"https:\/\/tellpack.ch\/?page_id=143","name":"Impressum - tellpack","isPartOf":{"@id":"https:\/\/tellpack.ch\/#website"},"datePublished":"2016-12-30T14:58:48+00:00","dateModified":"2017-03-05T00:20:06+00:00","breadcrumb":{"@id":"https:\/\/tellpack.ch\/?page_id=143#breadcrumb"},"inLanguage":"de","potentialAction":[{"@type":"ReadAction","target":["https:\/\/tellpack.ch\/?page_id=143"]}]},{"@type":"BreadcrumbList","@id":"https:\/\/tellpack.ch\/?page_id=143#breadcrumb","itemListElement":[{"@type":"ListItem","position":1,"name":"Startseite","item":"https:\/\/tellpack.ch\/"},{"@type":"ListItem","position":2,"name":"Impressum"}]},{"@type":"WebSite","@id":"https:\/\/tellpack.ch\/#website","url":"https:\/\/tellpack.ch\/","name":"tellpack","description":"Das Sackmesser f\u00fcr Bildung","publisher":{"@id":"https:\/\/tellpack.ch\/#organization"},"potentialAction":[{"@type":"SearchAction","target":{"@type":"EntryPoint","urlTemplate":"https:\/\/tellpack.ch\/?s={search_term_string}"},"query-input":{"@type":"PropertyValueSpecification","valueRequired":true,"valueName":"search_term_string"}}],"inLanguage":"de"},{"@type":"Organization","@id":"https:\/\/tellpack.ch\/#organization","name":"tellpack","url":"https:\/\/tellpack.ch\/","logo":{"@type":"ImageObject","inLanguage":"de","@id":"https:\/\/tellpack.ch\/#\/schema\/logo\/image\/","url":"https:\/\/tellpack.ch\/wp-content\/uploads\/tellpack_logo_transparent.png","contentUrl":"https:\/\/tellpack.ch\/wp-content\/uploads\/tellpack_logo_transparent.png","width":640,"height":175,"caption":"tellpack"},"image":{"@id":"https:\/\/tellpack.ch\/#\/schema\/logo\/image\/"}}]}},"_links":{"self":[{"href":"https:\/\/tellpack.ch\/index.php?rest_route=\/wp\/v2\/pages\/143","targetHints":{"allow":["GET"]}}],"collection":[{"href":"https:\/\/tellpack.ch\/index.php?rest_route=\/wp\/v2\/pages"}],"about":[{"href":"https:\/\/tellpack.ch\/index.php?rest_route=\/wp\/v2\/types\/page"}],"author":[{"embeddable":true,"href":"https:\/\/tellpack.ch\/index.php?rest_route=\/wp\/v2\/users\/2"}],"replies":[{"embeddable":true,"href":"https:\/\/tellpack.ch\/index.php?rest_route=%2Fwp%2Fv2%2Fcomments&post=143"}],"version-history":[{"count":4,"href":"https:\/\/tellpack.ch\/index.php?rest_route=\/wp\/v2\/pages\/143\/revisions"}],"predecessor-version":[{"id":378,"href":"https:\/\/tellpack.ch\/index.php?rest_route=\/wp\/v2\/pages\/143\/revisions\/378"}],"wp:attachment":[{"href":"https:\/\/tellpack.ch\/index.php?rest_route=%2Fwp%2Fv2%2Fmedia&parent=143"}],"curies":[{"name":"wp","href":"https:\/\/api.w.org\/{rel}","templated":true}]}}